{"id":1428,"date":"2024-05-02T10:53:52","date_gmt":"2024-05-02T08:53:52","guid":{"rendered":"https:\/\/rosszutak.hu\/uj\/?page_id=1428"},"modified":"2024-05-02T10:59:12","modified_gmt":"2024-05-02T08:59:12","slug":"adatvedelmi-tajekoztato","status":"publish","type":"page","link":"https:\/\/rosszutak.hu\/uj\/adatvedelmi-tajekoztato\/","title":{"rendered":"Adatv\u00e9delmi t\u00e1j\u00e9koztat\u00f3"},"content":{"rendered":"<h4>Adatv\u00e9delmi t\u00e1j\u00e9koztat\u00f3<\/h4>\n<p>&nbsp;<\/p>\n<p>A honlap m\u0171k\u00f6d\u00e9se sor\u00e1n semmif\u00e9le szem\u00e9lyes adatot nem gy\u0171jt s\u00fctik (cookies) felhaszn\u00e1l\u00e1s\u00e1val.<\/p>\n<p>A honlap tulajdonosa<strong> Kucsera Zolt\u00e1n<\/strong> (tov\u00e1bbiakban: Adatkezel\u0151) minden elv\u00e1rhat\u00f3 m\u00f3don v\u00e9di a regisztr\u00e1lt felhaszn\u00e1l\u00f3k szem\u00e9lyes adatait, harmadik f\u00e9lnek nem adja ki, az adatok biztons\u00e1gos t\u00e1rol\u00e1s\u00e1r\u00f3l a legmesszebbmen\u0151kig gondoskodik.<\/p>\n<p>A honlapon m\u0171k\u00f6d\u0151 Kapcsolati \u0171rlap haszn\u00e1lata sor\u00e1n megadott adatok adatb\u00e1zisba nem ker\u00fclnek, nem t\u00e1rol\u00f3dnak el. Az \u0171rlap csak egy email-t k\u00fcld a honlap tulajdonosa r\u00e9sz\u00e9re.<\/p>\n<p>Az Adatkezel\u0151h\u00f6z az online fel\u00fcleten k\u00fcld\u00f6tt adatok biztons\u00e1gos webfel\u00fcleten jutnak el a honlaphoz kapcsolt adatb\u00e1zis\u00e1ba, \u00e9s ott titkos\u00edtott form\u00e1ban t\u00e1rol\u00f3dnak.<\/p>\n<p><strong>Az adatkezel\u0151 el\u00e9rhet\u0151s\u00e9gei:<\/strong><\/p>\n<p>Telefon: +36 30 691 9394<\/p>\n<p>Email: kucsera.zoli@gamail.com<\/p>\n<p><strong>Az adatkezel\u00e9s jogalapja:<\/strong><a href=\"https:\/\/net.jogtar.hu\/jogszabaly?docid=A1100112.TV\"> 2011. \u00e9vi CXII. t\u00f6rv\u00e9ny az inform\u00e1ci\u00f3s \u00f6nrendelkez\u00e9si jogr\u00f3l \u00e9s az inform\u00e1ci\u00f3szabads\u00e1gr\u00f3l<\/a> 5. \u00a7 (1) bekezd\u00e9s a)pontja, valamint az <a href=\"http:\/\/naih.hu\/files\/GDPR_TXT_HU.pdf\">Eur\u00f3pai Parlament \u00e9s Tan\u00e1cs (EU) 2016\/679. sz\u00e1m\u00fa rendelete (2016. \u00e1prilis 27.) (GDPR)<\/a><\/p>\n<div><\/div>\n<h4><strong>Az \u00e9rintett hozz\u00e1j\u00e1rul\u00e1sa.<\/strong><\/h4>\n<p><strong>Hozz\u00e1j\u00e1rul\u00e1s az adatkezel\u00e9shez:<\/strong> A felhaszn\u00e1l\u00f3 regisztr\u00e1ci\u00f3 alkalm\u00e1val\u00a0 kifejezetten hozz\u00e1j\u00e1rul\u00e1s\u00e1t adja az \u00e1ltala \u00f6nk\u00e9ntesen megadott szem\u00e9lyes adatainak kezel\u00e9s\u00e9hez.<\/p>\n<p><strong>Az \u00e9rintettek k\u00f6re:<\/strong> regisztr\u00e1lt felhaszn\u00e1l\u00f3k.<\/p>\n<p><strong>A kezelt adatok k\u00f6re:<\/strong> a regisztr\u00e1lt felhaszn\u00e1l\u00f3k \u00e1ltal a regisztr\u00e1ci\u00f3 sor\u00e1n megadott adatok: n\u00e9v, el\u00e9rhet\u0151s\u00e9g (telefon, email).<\/p>\n<p><strong>Az adatgy\u0171jt\u00e9s c\u00e9lja:<\/strong> kapcsolattart\u00e1s.<\/p>\n<p>Az adatok megismer\u00e9s\u00e9re csak a honlap tulajdonosa jogosult, harmadik f\u00e9lnek nem ad ki szem\u00e9lyes adatokat.<\/p>\n<p><strong>Az adatkezel\u00e9s id\u0151tartama:<\/strong> az elektronikusan t\u00e1rolt szem\u00e9lyes adatok az \u00e9rintett k\u00e9r\u00e9s\u00e9re ker\u00fclnek t\u00f6rl\u00e9sre. A t\u00f6rl\u00e9s t\u00e9ny\u00e9r\u0151l az \u00e9rintettek k\u00fcl\u00f6n \u00e9rtes\u00edt\u00e9st nem kapnak.<\/p>\n<p><strong>A regisztr\u00e1lt szem\u00e9ly<\/strong> k\u00e9relmezheti az adatkezel\u0151n\u00e9l<br \/>\n\u2013 t\u00e1j\u00e9koztat\u00e1s\u00e1t szem\u00e9lyes adatai kezel\u00e9s\u00e9r\u0151l,<br \/>\n\u2013 szem\u00e9lyes adatainak helyesb\u00edt\u00e9s\u00e9t,<br \/>\n\u2013 szem\u00e9lyes adatainak t\u00f6rl\u00e9s\u00e9t vagy z\u00e1rol\u00e1s\u00e1t.<\/p>\n<p>A szem\u00e9lyes adatair\u00f3l t\u00e1j\u00e9koztat\u00e1st, ezek m\u00f3dos\u00edt\u00e1s\u00e1t vagy soron k\u00edv\u00fcli t\u00f6rl\u00e9s\u00e9t az adatkezel\u0151n\u00e9l szem\u00e9lyesen, telefonon vagy e-mailben kezdem\u00e9nyezheti.<\/p>\n<p>Az adatkezel\u0151 a k\u00e9relem beny\u00fajt\u00e1s\u00e1t\u00f3l sz\u00e1m\u00edtott legr\u00f6videbb id\u0151 alatt, legfeljebb azonban 10 napon bel\u00fcl, k\u00f6z\u00e9rthet\u0151 form\u00e1ban, a regisztr\u00e1lt felhaszn\u00e1l\u00f3 erre ir\u00e1nyul\u00f3 k\u00e9relm\u00e9re \u00edr\u00e1sban megadja a t\u00e1j\u00e9koztat\u00e1st. Ha a regisztr\u00e1lt felhaszn\u00e1l\u00f3 k\u00e9relm\u00e9t jogosnak tal\u00e1lja, akkor halad\u00e9ktalanul int\u00e9zkedik a szem\u00e9lyes adatainak helyesb\u00edt\u00e9se vagy t\u00f6rl\u00e9se \u00e9rdek\u00e9ben.<\/p>\n<p>Ha a regisztr\u00e1lt felhaszn\u00e1l\u00f3 nem el\u00e9gedett az adatkezel\u0151 v\u00e1lasz\u00e1val, akkor szem\u00e9lyes adatai v\u00e9delm\u00e9hez val\u00f3 jog\u00e1t polg\u00e1ri b\u00edr\u00f3s\u00e1g el\u0151tt \u00e9rv\u00e9nyes\u00edtheti, tov\u00e1bb\u00e1 a Nemzeti Adatv\u00e9delmi \u00e9s Inform\u00e1ci\u00f3szabads\u00e1g Hat\u00f3s\u00e1ghoz (<a href=\"http:\/\/naih.hu\/uegyfelszolgalat,--kapcsolat.html\"> www.naih.hu<\/a> ) fordulhat.<\/p>\n<p>A hat\u00e1lyos 2011. \u00e9vi CXII. t\u00f6rv\u00e9ny az inform\u00e1ci\u00f3s \u00f6nrendelkez\u00e9si jogr\u00f3l \u00e9s az inform\u00e1ci\u00f3szabads\u00e1gr\u00f3l itt olvashat\u00f3: <a href=\"https:\/\/net.jogtar.hu\/jogszabaly?docid=A1100112.TV\">https:\/\/net.jogtar.hu\/<\/a><\/p>\n<p>A GDPR magyar nyelv\u0171 verzi\u00f3ja itt olvashat\u00f3: <a href=\"http:\/\/naih.hu\/files\/GDPR_TXT_HU.pdf\">http:\/\/naih.hu\/<\/a><\/p>\n","protected":false},"excerpt":{"rendered":"<p>Adatv\u00e9delmi t\u00e1j\u00e9koztat\u00f3 &nbsp; A honlap m\u0171k\u00f6d\u00e9se sor\u00e1n semmif\u00e9le szem\u00e9lyes adatot nem gy\u0171jt s\u00fctik (cookies) felhaszn\u00e1l\u00e1s\u00e1val. A honlap tulajdonosa Kucsera Zolt\u00e1n (tov\u00e1bbiakban: Adatkezel\u0151) minden elv\u00e1rhat\u00f3 m\u00f3don v\u00e9di a regisztr\u00e1lt felhaszn\u00e1l\u00f3k szem\u00e9lyes adatait, harmadik f\u00e9lnek nem adja ki, az adatok biztons\u00e1gos t\u00e1rol\u00e1s\u00e1r\u00f3l a legmesszebbmen\u0151kig gondoskodik. A honlapon m\u0171k\u00f6d\u0151 Kapcsolati \u0171rlap haszn\u00e1lata sor\u00e1n megadott adatok adatb\u00e1zisba nem ker\u00fclnek, [&hellip;]<\/p>\n","protected":false},"author":1,"featured_media":0,"parent":0,"menu_order":0,"comment_status":"closed","ping_status":"closed","template":"","meta":[],"_links":{"self":[{"href":"https:\/\/rosszutak.hu\/uj\/wp-json\/wp\/v2\/pages\/1428"}],"collection":[{"href":"https:\/\/rosszutak.hu\/uj\/wp-json\/wp\/v2\/pages"}],"about":[{"href":"https:\/\/rosszutak.hu\/uj\/wp-json\/wp\/v2\/types\/page"}],"author":[{"embeddable":true,"href":"https:\/\/rosszutak.hu\/uj\/wp-json\/wp\/v2\/users\/1"}],"replies":[{"embeddable":true,"href":"https:\/\/rosszutak.hu\/uj\/wp-json\/wp\/v2\/comments?post=1428"}],"version-history":[{"count":4,"href":"https:\/\/rosszutak.hu\/uj\/wp-json\/wp\/v2\/pages\/1428\/revisions"}],"predecessor-version":[{"id":1432,"href":"https:\/\/rosszutak.hu\/uj\/wp-json\/wp\/v2\/pages\/1428\/revisions\/1432"}],"wp:attachment":[{"href":"https:\/\/rosszutak.hu\/uj\/wp-json\/wp\/v2\/media?parent=1428"}],"curies":[{"name":"wp","href":"https:\/\/api.w.org\/{rel}","templated":true}]}}