{"id":68,"date":"2016-12-05T14:12:01","date_gmt":"2016-12-05T14:12:01","guid":{"rendered":"http:\/\/rosszutak.hu\/uj\/?page_id=68"},"modified":"2024-05-06T17:00:05","modified_gmt":"2024-05-06T15:00:05","slug":"kezdolap","status":"publish","type":"page","link":"https:\/\/rosszutak.hu\/uj\/","title":{"rendered":"Kezd\u0151lap"},"content":{"rendered":"<h2><strong>Mi\u00e9rt hoztam l\u00e9tre ezt a honlapot?<\/strong><\/h2>\n<p>Ezt az id\u00e9zetet Dr. Sas Elem\u00e9rt\u0151l a tud\u00f3s fizikust\u00f3l id\u00e9zem:<\/p>\n<p><strong>&#8220;A vil\u00e1g titkainak megfejt\u00e9se \u00e9s a megfejtett titkok tulajdonl\u00e1sa az k\u00f6ztulajdon, ugyanakkor annak mindenki<\/strong> <strong>sz\u00e1m\u00e1ra hozz\u00e1f\u00e9rhet\u0151v\u00e9 t\u00e9tele, teh\u00e1t az ismeretterjeszt\u00e9s az k\u00f6z\u00e9rdek&#8221;!<\/strong><\/p>\n<p>R\u00e9gi elk\u00e9pzel\u00e9sem volt, hogy a k\u00f6zleked\u00e9sbiztons\u00e1gr\u00f3l ind\u00edtok egy honlapot, ami nem a hagyom\u00e1nyos m\u00f3don k\u00f6zel\u00edti meg h\u00e9tk\u00f6znapi k\u00f6zleked\u00e9si probl\u00e9m\u00e1inkat&#8230;<\/p>\n<h3><span style=\"color: #ff0000;\"><em><strong><u>Z\u00c9R\u00d3 TOLERANCIA<\/u> a balesetvesz\u00e9lyes \u00fathib\u00e1s utakra!<\/strong><\/em><\/span><\/h3>\n<ul>\n<li><em><em>a repedezett<\/em><\/em>\n<p><div id=\"attachment_38\" style=\"width: 310px\" class=\"wp-caption alignright\"><img aria-describedby=\"caption-attachment-38\" loading=\"lazy\" class=\"size-medium wp-image-38\" src=\"http:\/\/rosszutak.hu\/uj\/wp-content\/uploads\/2016\/12\/uthiba24-300x225.jpg\" alt=\"Vesz\u00e9lyes \u00fathib\u00e1k\" width=\"300\" height=\"225\" srcset=\"https:\/\/rosszutak.hu\/uj\/wp-content\/uploads\/2016\/12\/uthiba24-300x225.jpg 300w, https:\/\/rosszutak.hu\/uj\/wp-content\/uploads\/2016\/12\/uthiba24-768x576.jpg 768w, https:\/\/rosszutak.hu\/uj\/wp-content\/uploads\/2016\/12\/uthiba24-1024x768.jpg 1024w, https:\/\/rosszutak.hu\/uj\/wp-content\/uploads\/2016\/12\/uthiba24.jpg 1389w\" sizes=\"(max-width: 300px) 100vw, 300px\" \/><p id=\"caption-attachment-38\" class=\"wp-caption-text\"><em>Vesz\u00e9lyes \u00fathib\u00e1k (jobbratart\u00e1s szab\u00e1ly?!)<\/em><\/p><\/div><\/li>\n<li><em>felgy\u0171r\u0151d\u00f6tt<\/em><\/li>\n<li><em>megs\u00fcllyedt<\/em><\/li>\n<li><em>k\u00e1ty\u00fas<\/em><\/li>\n<li><em>nyomv\u00e1ly\u00fas<\/em><\/li>\n<li><em>mart fel\u00fclet\u0171 utakra<\/em><\/li>\n<li><em>valamint az elhanyagolt \u00fatpadk\u00e1kra.<\/em><\/li>\n<\/ul>\n<p><strong>Ezek az \u00fatfel\u00fcleti hib\u00e1k k\u00e9pesek a j\u00e1rm\u0171vek halad\u00e1si ir\u00e1ny\u00e1t v\u00e1ratlanul megv\u00e1ltoztatni!<\/strong><\/p>\n<p>Az \u00fat \u00e9p\u00edt\u00e9s \u00e9s\u00a0\u00fat jav\u00edt\u00e1s k\u00f6lts\u00e9ges \u00e9s dr\u00e1ga, de<strong><em><span style=\"color: #ff0000;\"> a k\u00f6zleked\u0151k \u00e9lete sem olcs\u00f3!<\/span><\/em> K\u00fczdj a k\u00f6zleked\u00e9s biztons\u00e1g\u00e9rt, az \u00e9leted\u00e9rt!<\/strong> A k\u00f6zutak biztons\u00e1goss\u00e1g szerinti meg\u00edt\u00e9l\u00e9se (t\u00f6bb m\u00e1s szempont figyelembe v\u00e9tele mellett),\u00a0 a min\u0151s\u00edt\u00e9se, \u00e9rt\u00e9kel\u00e9se, csak akkor elfogadhat\u00f3, ha az adott \u00faton, \u00fatszakaszon kialakult \u00fathib\u00e1k, a j\u00e1rm\u0171veknek, g\u00e9pj\u00e1rm\u0171veknek cs\u00fasz\u00f3 \u00fczemm\u00f3dj\u00e1n\u00e1l nem okoznak halad\u00e1si ir\u00e1nyv\u00e1ltoz\u00e1st, az egy nyomvonalon halad\u00f3 j\u00e1rm\u0171vek vezet\u0151inek egyens\u00falyveszt\u00e9st!, Ha igen, az \u00fat balesetvesz\u00e9lyes, jav\u00edtani kell! Sz\u00fcks\u00e9ges m\u00e9g, hogy legyen az \u00faton \u00e9rv\u00e9nyes, megengedett sebess\u00e9ggel k\u00f6zleked\u0151nek szabad mozg\u00e1stere, az \u00fatt\u00f3l s\u00edkbeli elt\u00e9r\u00e9s n\u00e9lk\u00fcl!<\/p>\n<p>Ezt a vizsg\u00e1lati m\u00f3dot kell bevezetni az utak vizsg\u00e1lat\u00e1n\u00e1l!<\/p>\n<p>A 6\/1998 (III:11) KHVM rendeletben meghat\u00e1rozt\u00e1k, a 3.2 pontj\u00e1ban, az\u00a0\u00fat ellen\u0151rz\u00e9sek gyakoris\u00e1g\u00e1t.<\/p>\n<p>Ez\u00e9rt azok az \u00fathib\u00e1k, amelyek az adott \u00faton el\u0151\u00edrt, k\u00e9t \u00fatellen\u0151rz\u00e9s k\u00f6z\u00f6tti\u00a0cikluson t\u00faliak, nem t\u00f6rt\u00e9nt int\u00e9zked\u00e9s a kijav\u00edt\u00e1sukra, a K\u00f6z\u00fat kezel\u0151je, mulaszt\u00e1st k\u00f6vet el, a k\u00f6zleked\u0151kkel szemben, az \u00fat,\u00a0baleset \u00e9s \u00e9letvesz\u00e9lyess\u00e9g\u00e9nek a\u00a0megsz\u00fcntet\u00e9s\u00e9re! Az utak \u00e1llapota ak\u00e1r j\u00f3, ak\u00e1r rossz, a k\u00f6zleked\u00e9sben, a k\u00f6zleked\u00e9s\u00a0biztons\u00e1gban d\u00f6nt\u0151 szerepe van! Ez a t\u00e9ny nem vitathat\u00f3!<\/p>\n<p><span style=\"color: #ff0000;\">A k\u00f6zleked\u00e9s vizsg\u00e1lat\u00e1hoz, meg\u00e9rt\u00e9s\u00e9hez kiindul\u00e1si alap sz\u00fcks\u00e9ges.<\/span> Ehhez a\u00a0fizikai tudom\u00e1ny seg\u00edts\u00e9g\u00e9t v\u00e1lasztottam. A k\u00f6zleked\u00e9s k\u00e9nyszerhelyzet, \u00e9s am\u00edg m\u00e9g \u00e9l\u00fcnk, nem sz\u0171nik meg!<\/p>\n<p>A k\u00f6zleked\u00e9s mozg\u00e1ssal, helyv\u00e1ltoztat\u00e1ssal j\u00e1r, man\u0151verekkel (elindul\u00e1s, gyors\u00edt\u00e1s, lass\u00edt\u00e1s, f\u00e9kez\u00e9s, meg\u00e1ll\u00e1s,\u00a0el\u0151z\u00e9s, kanyarod\u00e1s, tolat\u00e1s, parkol\u00e1s stb.) hajtjuk v\u00e9gre.<\/p>\n<p>A mozg\u00e1shoz, helyv\u00e1ltoztat\u00e1shoz er\u0151 kell \u00e9s ez az er\u0151 a s\u00farl\u00f3d\u00e1si er\u0151. A s\u00farl\u00f3d\u00e1snak 3 \u00e1llapot\u00e1t ismerj\u00fck:<\/p>\n<ul>\n<li>a tapad\u00f3 (nincs elmozdul\u00e1s, nyugalmi helyzet van)<\/li>\n<li>a g\u00f6rd\u00fcl\u0151 (a j\u00e1rm\u0171 kerekei forognak az \u00faton)<\/li>\n<li>a cs\u00fasz\u00f3 ( a j\u00e1rm\u0171 kerekei nem forognak, cs\u00fasznak az \u00fat fel\u00fclet\u00e9n)<\/li>\n<\/ul>\n<p>Ahogy m\u00e1s esetekben, \u00fagy a\u00a0k\u00f6zleked\u00e9sben is, a s\u00farl\u00f3d\u00e1s a k\u00f6lcs\u00f6nhat\u00e1s r\u00e9v\u00e9n \u00e9rv\u00e9nyes\u00fcl. A j\u00e1rm\u0171vek, g\u00e9pj\u00e1rm\u0171vek az \u00fat fel\u00fclet\u00e9vel k\u00f6lcs\u00f6nhat\u00e1sban vannak. K\u00f6zleked\u00e9s biztons\u00e1gi szempontb\u00f3l ez a legfontosabb, mert ez hat\u00e1rozza meg a halad\u00e1si ir\u00e1nyt. Az \u00fathib\u00e1k vesz\u00e9lyess\u00e9ge abban rejlik, hogy vesz\u00e9lyhelyzetben, a f\u00e9kez\u00e9sre k\u00e9nyszer\u00fcl\u0151 g\u00e9pj\u00e1rm\u0171 akaratunkt\u00f3l f\u00fcggetlen\u00fcl,\u00a0kisz\u00e1m\u00edthatatlanul megv\u00e1ltoztatja a j\u00e1rm\u0171 halad\u00e1si ir\u00e1ny\u00e1t, az egy nyomvonalon halad\u00f3 j\u00e1rm\u0171 vezet\u0151je pedig, egyens\u00faly\u00e1t vesz\u00edti el. Ebben egyet\u00e9rt\u00fcnk, ebben egyet kell \u00e9rten\u00fcnk, mert a k\u00f6zleked\u00e9sre ez a kiindul\u00e1si alap \u00e9s ez a tudom\u00e1nyos magyar\u00e1zat!<\/p>\n<p>A k\u00f6zleked\u00e9s el\u0151re elk\u00e9pzelt, tudatos, \u00f6sszetett\u00a0cselekv\u00e9s, a mozg\u00e1s legmagasabb form\u00e1ja.<\/p>\n<p>K\u00f6zleked\u00e9s biztons\u00e1gi k\u00e9rd\u00e9sekn\u00e9l hi\u00e1nyoznak a kiindul\u00e1si alapok meghat\u00e1roz\u00e1sai. Hi\u00e1nyoss\u00e1gok vannak az elm\u00e9leti \u00e9s gyakorlati k\u00e9pz\u00e9sben, a vezet\u00e9stechnikai k\u00e9pz\u00e9sben, a szab\u00e1lyok betarthat\u00f3s\u00e1g\u00e1ban, \u00e9rtelmez\u00e9s\u00e9ben, helysz\u00ednel\u00e9si gyakorlatban, a tudom\u00e1nyok els\u0151dleges figyelembe v\u00e9tel\u00e9vel, a szakv\u00e9lem\u00e9nyekn\u00e9l is hasonl\u00f3 okok, ez \u00e1ltal az \u00edt\u00e9lkez\u00e9sek meghozatal\u00e1ban.<\/p>\n<p>\u00dathib\u00e1s utakon k\u00f6zlekedve, v\u00e9szhelyzetben,\u00a0az \u00fathib\u00e1k hat\u00e1stalann\u00e1\u00a0teszik a K\u00f6zleked\u00e9si Hat\u00f3s\u00e1g\u00a0er\u0151fesz\u00edt\u00e9seit, a g\u00e9pj\u00e1rm\u0171vek kifog\u00e1stalan m\u0171szaki \u00e1llapotban tart\u00e1s\u00e1ra, a\u00a0K\u00f6zleked\u00e9s Rend\u00e9szet ellen\u0151rz\u00e9si \u00e9s fel\u00fcgyeleti munk\u00e1j\u00e1t \u00e9s nem utols\u00f3 sorban a g\u00e9pj\u00e1rm\u0171vek tulajdonosainak \u00e1ldozat\u00e1t, a kifog\u00e1stalan \u00e1llapotban tart\u00e1sra. Ugyan is az \u00fathib\u00e1k miatt, a m\u0171szaki \u00e1llapott\u00f3l f\u00fcggetlen\u00fcl a\u00a0balesetvesz\u00e9ly v\u00e1ltozatlan marad.<\/p>\n<p>Ha nem tan\u00edtj\u00e1k meg a k\u00f6zleked\u0151kkel az \u00fathib\u00e1s utak vesz\u00e9lyeit, sem az iskol\u00e1kban, sem a tanint\u00e9zetekben \u00e9s nem v\u00e1llalja fel egyetlen klub, vagy szervezet sem, akkor alak\u00edtsunk magunknak egyet!<\/p>\n<p><img loading=\"lazy\" class=\"alignnone size-medium wp-image-5 alignleft\" src=\"http:\/\/rosszutak.hu\/uj\/wp-content\/uploads\/2016\/12\/Fair-Play-212x300.jpg\" alt=\"\" width=\"212\" height=\"300\" srcset=\"https:\/\/rosszutak.hu\/uj\/wp-content\/uploads\/2016\/12\/Fair-Play-212x300.jpg 212w, https:\/\/rosszutak.hu\/uj\/wp-content\/uploads\/2016\/12\/Fair-Play-768x1086.jpg 768w, https:\/\/rosszutak.hu\/uj\/wp-content\/uploads\/2016\/12\/Fair-Play-724x1024.jpg 724w, https:\/\/rosszutak.hu\/uj\/wp-content\/uploads\/2016\/12\/Fair-Play.jpg 1488w\" sizes=\"(max-width: 212px) 100vw, 212px\" \/><\/p>\n<p><img loading=\"lazy\" class=\"alignnone size-medium wp-image-6 alignright\" src=\"http:\/\/rosszutak.hu\/uj\/wp-content\/uploads\/2016\/12\/Fair-Play2-212x300.jpg\" alt=\"\" width=\"212\" height=\"300\" srcset=\"https:\/\/rosszutak.hu\/uj\/wp-content\/uploads\/2016\/12\/Fair-Play2-212x300.jpg 212w, https:\/\/rosszutak.hu\/uj\/wp-content\/uploads\/2016\/12\/Fair-Play2-768x1086.jpg 768w, https:\/\/rosszutak.hu\/uj\/wp-content\/uploads\/2016\/12\/Fair-Play2-724x1024.jpg 724w, https:\/\/rosszutak.hu\/uj\/wp-content\/uploads\/2016\/12\/Fair-Play2.jpg 992w\" sizes=\"(max-width: 212px) 100vw, 212px\" \/><\/p>\n<h5><span style=\"color: #ff0000;\"><strong>A baleseti statisztik\u00e1kban \u00fathib\u00e1b\u00f3l bek\u00f6vetkezett baleset nincs is! Mi\u00e9rt?<\/strong>\u00a0<\/span>A v\u00e9tlen \u00e1ldozat sok, tenni kell valamit. Az emberi \u00e9leteket az utak j\u00f3 \u00e1llapotban tart\u00e1s\u00e1val is v\u00e9deni lehet! Mi\u00e9rt nem tessz\u00fck?<\/h5>\n<p><strong>A kijelent\u00e9simet a k\u00f6lcs\u00f6nhat\u00e1s elm\u00e9lete is\u00a0igazolja. Tanulm\u00e1nyomban ezekre adok magyar\u00e1zatokat, h\u00edvom fel a figyelmet. A nyilv\u00e1noss\u00e1g el\u00e9 t\u00e1rom munk\u00e1mat, kit\u00e9ve b\u00edr\u00e1latoknak, kritik\u00e1knak, \u00e9szrev\u00e9teleknek, javaslatoknak,\u00a0 ellenv\u00e9lem\u00e9nyeknek \u00e9s k\u00e9rem \u00a0azokat, \u00a0akinek van v\u00e9lem\u00e9nye, \u00edrja meg az <\/strong><a href=\"mailto:info@rosszutak.hu\" data-cke-saved-href=\"mailto:info@rosszutak.hu\"><strong>info@rosszutak.hu<\/strong><\/a><strong>-ra.<\/strong><\/p>\n<p><strong>Egy biztos, ezt az anyagot indokl\u00e1s n\u00e9lk\u00fcl elutas\u00edtani nem lehet, mert nagy r\u00e9sze tudom\u00e1nyos alapokon nyugszik. Az indokl\u00e1s n\u00e9lk\u00fcli elutas\u00edt\u00e1st el sem fogadn\u00e1m!<\/strong><\/p>\n<p><strong>A honlapomon olvashat\u00f3 anyagot elk\u00e9sz\u00edthette volna \u00e1llami, vagy civil szervezet, az Eur\u00f3pai Uni\u00f3 K\u00f6zleked\u00e9s\u00a0Biztons\u00e1gi Tan\u00e1csa, de mag\u00e1nszem\u00e9ly is! \u00c9n megtettem.<\/strong><\/p>\n<p><strong><span style=\"color: #ff0000;\">MINDEN T\u00c9VES \u00c9S HIB\u00c1S ELM\u00c9LET VESZ\u00c9LYES \u00c9S K\u00c1ROS A TUDOM\u00c1NYRA! EZ A KIJELENT\u00c9S IGAZ, A K\u00d6ZLEKED\u00c9SBIZTONS\u00c1G TUDOM\u00c1NY\u00c1RA IS!<\/span><\/strong><\/p>\n<p>A k\u00f6zleked\u00e9sbiztons\u00e1g probl\u00e9m\u00e1ira a tudom\u00e1ny ad hiteles magyar\u00e1zatot.<\/p>\n<p>A k\u00f6zleked\u00e9s biztons\u00e1g minden k\u00f6zleked\u0151nek els\u0151 sz\u00e1m\u00fa \u00fcgye, ez\u00e9rt aki ell\u00e1togatott a honlapomra h\u00edvja fel m\u00e1sok figyelm\u00e9t is \u00e9s aj\u00e1nlja m\u00e1soknak is. Tegyenek fel k\u00e9rd\u00e9seket az anyagomb\u00f3l k\u00f6zleked\u00e9si szakembereknek \u00e9s a v\u00e1laszaikat vess\u00e9k \u00f6ssze az itt megismert anyaggal. K\u00e9rdezz\u00e9k arr\u00f3l a szakembereket, hogy milyen t\u00e9nyez\u0151k alapj\u00e1n, milyen k\u00f6r\u00fclm\u00e9nyek \u00e9s tulajdons\u00e1gok alapj\u00e1n hat\u00e1rozt\u00e1k meg a megengedett sebess\u00e9ghat\u00e1rokat? Benne van-e a v\u00e1laszukban a <strong><span style=\"color: #00ff00;\">(sebess\u00e9g-reakci\u00f3 id\u0151)-reakci\u00f3 \u00fat-halad\u00e1si ir\u00e1ny(v\u00e1ltoz\u00e1s)- szabad mozg\u00e1st\u00e9r<\/span><\/strong>? Ez a k\u00f6zleked\u00e9sbiztons\u00e1g kulcsa, legfontosabb t\u00e9nyez\u0151je! Ezt kell figyelembe venni az utakn\u00e1l, a megengedett sebess\u00e9ghat\u00e1rok meg\u00e1llap\u00edt\u00e1s\u00e1n\u00e1l, a g\u00e9pj\u00e1rm\u0171vek v\u00e9gsebess\u00e9g hat\u00e1r\u00e1n\u00e1l!<\/p>\n<p><em><strong>K\u00f6sz\u00f6nettel: a honlaptulajdonos<\/strong><\/em><\/p>\n<p><strong>A hiteless\u00e9gemhez<\/strong><\/p>\n<p><img loading=\"lazy\" class=\"alignnone size-medium wp-image-1032 aligncenter\" src=\"https:\/\/rosszutak.hu\/uj\/wp-content\/uploads\/2017\/04\/Certificate-001-218x300.jpg\" alt=\"\" width=\"218\" height=\"300\" srcset=\"https:\/\/rosszutak.hu\/uj\/wp-content\/uploads\/2017\/04\/Certificate-001-218x300.jpg 218w, https:\/\/rosszutak.hu\/uj\/wp-content\/uploads\/2017\/04\/Certificate-001-745x1024.jpg 745w, https:\/\/rosszutak.hu\/uj\/wp-content\/uploads\/2017\/04\/Certificate-001-768x1056.jpg 768w, https:\/\/rosszutak.hu\/uj\/wp-content\/uploads\/2017\/04\/Certificate-001-1117x1536.jpg 1117w, https:\/\/rosszutak.hu\/uj\/wp-content\/uploads\/2017\/04\/Certificate-001-1489x2048.jpg 1489w, https:\/\/rosszutak.hu\/uj\/wp-content\/uploads\/2017\/04\/Certificate-001.jpg 1700w\" sizes=\"(max-width: 218px) 100vw, 218px\" \/><\/p>\n<p>&nbsp;<\/p>\n","protected":false},"excerpt":{"rendered":"<p>Mi\u00e9rt hoztam l\u00e9tre ezt a honlapot? Ezt az id\u00e9zetet Dr. Sas Elem\u00e9rt\u0151l a tud\u00f3s fizikust\u00f3l id\u00e9zem: &#8220;A vil\u00e1g titkainak megfejt\u00e9se \u00e9s a megfejtett titkok tulajdonl\u00e1sa az k\u00f6ztulajdon, ugyanakkor annak mindenki sz\u00e1m\u00e1ra hozz\u00e1f\u00e9rhet\u0151v\u00e9 t\u00e9tele, teh\u00e1t az ismeretterjeszt\u00e9s az k\u00f6z\u00e9rdek&#8221;! R\u00e9gi elk\u00e9pzel\u00e9sem volt, hogy a k\u00f6zleked\u00e9sbiztons\u00e1gr\u00f3l ind\u00edtok egy honlapot, ami nem a hagyom\u00e1nyos m\u00f3don k\u00f6zel\u00edti meg h\u00e9tk\u00f6znapi [&hellip;]<\/p>\n","protected":false},"author":1,"featured_media":38,"parent":0,"menu_order":0,"comment_status":"closed","ping_status":"closed","template":"","meta":[],"_links":{"self":[{"href":"https:\/\/rosszutak.hu\/uj\/wp-json\/wp\/v2\/pages\/68"}],"collection":[{"href":"https:\/\/rosszutak.hu\/uj\/wp-json\/wp\/v2\/pages"}],"about":[{"href":"https:\/\/rosszutak.hu\/uj\/wp-json\/wp\/v2\/types\/page"}],"author":[{"embeddable":true,"href":"https:\/\/rosszutak.hu\/uj\/wp-json\/wp\/v2\/users\/1"}],"replies":[{"embeddable":true,"href":"https:\/\/rosszutak.hu\/uj\/wp-json\/wp\/v2\/comments?post=68"}],"version-history":[{"count":21,"href":"https:\/\/rosszutak.hu\/uj\/wp-json\/wp\/v2\/pages\/68\/revisions"}],"predecessor-version":[{"id":1435,"href":"https:\/\/rosszutak.hu\/uj\/wp-json\/wp\/v2\/pages\/68\/revisions\/1435"}],"wp:featuredmedia":[{"embeddable":true,"href":"https:\/\/rosszutak.hu\/uj\/wp-json\/wp\/v2\/media\/38"}],"wp:attachment":[{"href":"https:\/\/rosszutak.hu\/uj\/wp-json\/wp\/v2\/media?parent=68"}],"curies":[{"name":"wp","href":"https:\/\/api.w.org\/{rel}","templated":true}]}}